{"id":2,"date":"2025-10-20T18:26:25","date_gmt":"2025-10-20T16:26:25","guid":{"rendered":"http:\/\/a-rete.com\/conference\/?page_id=2"},"modified":"2025-12-15T11:35:59","modified_gmt":"2025-12-15T10:35:59","slug":"pagina-di-esempio","status":"publish","type":"page","link":"https:\/\/a-rete.com\/conference\/","title":{"rendered":"Home page"},"content":{"rendered":"<div class=\"wpb-content-wrapper\">[vc_row full_width=&#8221;stretch_row&#8221; full_height=&#8221;yes&#8221; css=&#8221;.vc_custom_1764328598439{background-image: url(http:\/\/a-rete.com\/conference\/wp-content\/uploads\/2025\/11\/HEADER.jpg?id=258) !important;background-position: center !important;background-repeat: no-repeat !important;background-size: cover !important;}&#8221;][vc_column width=&#8221;1\/2&#8243; offset=&#8221;vc_hidden-md vc_hidden-sm vc_hidden-xs&#8221;][\/vc_column][vc_column offset=&#8221;vc_col-lg-6 vc_col-md-12&#8243;]<div class=\"padding-container\" data-id=\"padding-container_1\"><div class=\"testo-responsive-container\" data-id=\"responsive_text_1\"><h2 class=\"testo-responsive\"><span>A-Rete Conference Hall<\/span><\/h2><\/div><div class=\"empty-space-custom\" data-id=\"empty_space_custom_1\"><\/div><div class=\"testo-responsive-container\" data-id=\"responsive_text_2\"><h1 class=\"testo-responsive\"><span>PER TROVARE UN EQUILIBRIO TRA LAVORO E BENESSERE<\/span><\/h1><\/div><\/div>[\/vc_column][\/vc_row][vc_row full_width=&#8221;stretch_row&#8221; content_placement=&#8221;middle&#8221; css=&#8221;.vc_custom_1761144947142{background-color: #2E2E2E !important;}&#8221;][vc_column]<div class=\"empty-space-custom\" data-id=\"empty_space_custom_2\"><\/div><div class=\"padding-container\" data-id=\"padding-container_2\"><div class=\"testo-responsive-container\" data-id=\"responsive_text_3\"><h3 class=\"testo-responsive\"><span>Cerchi una sala conferenze da <strong style=\"font-family: Din-Condensed !important;\">40 posti<\/strong> per eventi aziendali, formazione, meeting, seminari e team building?<\/span><\/h3><\/div><div class=\"empty-space-custom\" data-id=\"empty_space_custom_3\"><\/div><div class=\"testo-responsive-container\" data-id=\"responsive_text_4\"><h4 class=\"testo-responsive\"><span>A 10 km da Como, a solo mezz\u2019ora da Milano, la sala business della Clubhouse di A-Rete Tennis Club \u00e8 a tua disposizione.<\/span><\/h4><\/div><\/div><div class=\"empty-space-custom\" data-id=\"empty_space_custom_4\"><\/div>[\/vc_column][\/vc_row][vc_row full_width=&#8221;stretch_row&#8221; content_placement=&#8221;middle&#8221;][vc_column]<div class=\"empty-space-custom\" data-id=\"empty_space_custom_5\"><\/div><div class=\"padding-container\" data-id=\"padding-container_3\">[vc_row_inner][vc_column_inner]<div class=\"container-fluid custom-grid-gallery p-0 rectangular\" data-id=\"custom-grid-gallery_1\"><div class=\"row\">\n            <div class=\"col-md-6 px-0 py-3 px-md-1 py-md-0\">\n                <div class=\"open-gallery zoom \">\n                    <img decoding=\"async\" src=\"https:\/\/a-rete.com\/conference\/wp-content\/uploads\/2025\/11\/FOTO1.jpg\" alt=\"\">\n                    \n                <\/div>\n            <\/div>\n            <div class=\"col-md-6 px-0 py-3 px-md-1 py-md-0\">\n                <div class=\"open-gallery zoom \">\n                    <img decoding=\"async\" src=\"https:\/\/a-rete.com\/conference\/wp-content\/uploads\/2025\/11\/FOTO2.jpg\" alt=\"\">\n                    \n                <\/div>\n            <\/div><\/div><\/div>[\/vc_column_inner][\/vc_row_inner]<\/div><div class=\"empty-space-custom\" data-id=\"empty_space_custom_6\"><\/div>[\/vc_column][\/vc_row][vc_row full_width=&#8221;stretch_row&#8221; content_placement=&#8221;middle&#8221;][vc_column]<div class=\"parallax-label\" data-id=\"parallax-label_1\"><div class=\"parallax-label__content\"><div class=\"padding-container\" data-id=\"padding-container_4\">[vc_row_inner][vc_column_inner offset=&#8221;vc_col-lg-8 vc_col-md-12&#8243;]<div class=\"testo-responsive-container\" data-id=\"responsive_text_5\"><h3 class=\"testo-responsive\"><span>LA SALA BUSINESS POLIFUNZIONALE DEL TENNIS CLUB A-RETE \u00c8 IL POSTO CHE CERCAVI<\/span><\/h3><\/div><div class=\"empty-space-custom\" data-id=\"empty_space_custom_7\"><\/div>[vc_column_text css=&#8221;&#8221;][\/vc_column_text]<div class=\"testo-responsive-container\" data-id=\"responsive_text_6\"><p class=\"testo-responsive\"><span>Hai bisogno di una sala per riunioni e conferenze nelle vicinanze di Como, Chiasso, Varese e Milano, che ti permetta di organizzare meeting, formazioni aziendali, presentazioni prodotti, riunioni della rete commerciale, e ogni genere di incontri di lavoro? Scegli un ambiente suggestivo e completamente attrezzato per fornirti tutto quello di cui hai bisogno, nel cuore della Lombardia, in una zona tranquilla e in un contesto esclusivo.<\/span><\/p><\/div><div class=\"empty-space-custom\" data-id=\"empty_space_custom_8\"><\/div><div class=\"empty-space-custom\" data-id=\"empty_space_custom_9\"><\/div>[\/vc_column_inner][vc_column_inner width=&#8221;1\/3&#8243; offset=&#8221;vc_hidden-md vc_hidden-sm vc_hidden-xs&#8221;][\/vc_column_inner][\/vc_row_inner]<\/div><\/div><div class=\"parallax-label__text\" data-parallax-label>CONFERENCE<\/div><\/div>[\/vc_column][\/vc_row][vc_row full_width=&#8221;stretch_row&#8221; content_placement=&#8221;middle&#8221; disable_element=&#8221;yes&#8221;][vc_column]<div class=\"padding-container\" data-id=\"padding-container_5\">[vc_row_inner][vc_column_inner][vc_column_text css=&#8221;&#8221;][\/vc_column_text]<div class=\"testo-responsive-container\" data-id=\"responsive_text_7\"><div class=\"testo-responsive\"><span>CONFERENCE<\/span><\/div><\/div>[\/vc_column_inner][\/vc_row_inner]<\/div>[\/vc_column][\/vc_row][vc_row full_width=&#8221;stretch_row_content_no_spaces&#8221; content_placement=&#8221;middle&#8221;][vc_column][vc_single_image image=&#8221;257&#8243; img_size=&#8221;full&#8221; css=&#8221;&#8221;]<div class=\"empty-space-custom\" data-id=\"empty_space_custom_10\"><\/div>[\/vc_column][\/vc_row][vc_row content_placement=&#8221;middle&#8221; css=&#8221;.vc_custom_1761224960021{border-top-width: 1px !important;border-top-style: solid !important;border-color: #808080 !important;}&#8221;][vc_column]<div class=\"padding-container\" data-id=\"padding-container_6\"><div class=\"testo-responsive-container\" data-id=\"responsive_text_8\"><div class=\"testo-responsive\"><span>MEETING, FORMAZIONI AZIENDALI<\/span><\/div><\/div><\/div>[\/vc_column][\/vc_row][vc_row content_placement=&#8221;middle&#8221; css=&#8221;.vc_custom_1761224968794{border-top-width: 1px !important;border-top-style: solid !important;border-color: #808080 !important;}&#8221;][vc_column]<div class=\"testo-responsive-container\" data-id=\"responsive_text_9\"><div class=\"testo-responsive\"><span>PRESENTAZIONI PRODOTTI<\/span><\/div><\/div>[\/vc_column][\/vc_row][vc_row content_placement=&#8221;middle&#8221; css=&#8221;.vc_custom_1761225002819{border-top-width: 1px !important;border-bottom-width: 1px !important;border-top-style: solid !important;border-bottom-style: solid !important;border-color: #808080 !important;}&#8221;][vc_column]<div class=\"padding-container\" data-id=\"padding-container_7\"><div class=\"testo-responsive-container\" data-id=\"responsive_text_10\"><div class=\"testo-responsive\"><span>EVENTI DI TEAM BUILDING<\/span><\/div><\/div><\/div>[\/vc_column][\/vc_row][vc_row full_width=&#8221;stretch_row&#8221; content_placement=&#8221;middle&#8221;][vc_column]<div class=\"empty-space-custom\" data-id=\"empty_space_custom_11\"><\/div><div class=\"padding-container\" data-id=\"padding-container_8\">[vc_row_inner][vc_column_inner]<div class=\"testo-responsive-container\" data-id=\"responsive_text_11\"><h3 class=\"testo-responsive\"><span>UNO SPAZIO POLIFUNZIONALE PER I TUOI EVENTI AZIENDALI<\/span><\/h3><\/div><div class=\"empty-space-custom\" data-id=\"empty_space_custom_12\"><\/div>[vc_column_text css=&#8221;&#8221;][\/vc_column_text]<div class=\"testo-responsive-container\" data-id=\"responsive_text_12\"><p class=\"testo-responsive\"><span>Il modo di lavorare e di fare business si \u00e8 evoluto con il passare degli anni, facendosi pi\u00f9 flessibile nei tempi e negli spazi, liberandosi dall\u2019ambiente dell\u2019ufficio per spostarsi verso modalit\u00e0 di smart working e home working.<\/span><\/p><\/div><div class=\"empty-space-custom\" data-id=\"empty_space_custom_13\"><\/div><div class=\"testo-responsive-container\" data-id=\"responsive_text_13\"><p class=\"testo-responsive\"><span>Tuttavia esiste una nutrita serie di situazioni ed eventi per i quali serve uno spazio comune, una sala polifunzionale per conferenze, meeting e riunioni, che permetta di ospitare un gran numero di persone in un ambiente confortevole e attrezzato:<\/span><\/p><\/div><div class=\"empty-space-custom\" data-id=\"empty_space_custom_14\"><\/div><div class=\"testo-responsive-container\" data-id=\"responsive_text_14\"><div class=\"testo-responsive\"><span><ul>\r\n \t<li><strong>Incontri con la rete commerciale<\/strong>, per riunioni strategiche con agenti e rappresentanti,\u00a0definizione degli obiettivi, lancio di nuove campagne promozionali<\/li>\r\n \t<li><strong>Presentazioni di nuovi prodotti<\/strong>, sia al personale che a una selezione di clienti, partner o distributori<\/li>\r\n \t<li><strong>Preparazioni pre-fiera o debriefing post-fiera<\/strong><\/li>\r\n \t<li>Incontri con partner e fornitori di alto livello per negoziazioni o proposte commerciali<\/li>\r\n \t<li><strong>Corsi di formazione, seminari e workshop<\/strong>, per aggiornamento dipendenti e collaboratori<\/li>\r\n \t<li><strong>Eventi di team-building<\/strong>, brainstorming, gruppi di lavoro<\/li>\r\n \t<li>Riunioni direzionali o interdipartimentali, per coordinamento delle diverse aree aziendali o per meeting per kick-off di nuovi progetti<\/li>\r\n \t<li>Colloqui di gruppo per selezione nuovo personale con role-play e test comportamentali-attitudinali<\/li>\r\n \t<li>Incontri con consulenti ed esperti esterni<\/li>\r\n \t<li>Assemblee dei soci e degli azionisti, per presentazioni di bilancio, votazioni societarie, rendicontazioni<\/li>\r\n \t<li>Ricerche di mercato con focus group per raccolta di opinioni su nuovi prodotti o servizi<\/li>\r\n<\/ul><\/span><\/div><\/div><div class=\"empty-space-custom\" data-id=\"empty_space_custom_15\"><\/div><div class=\"testo-responsive-container\" data-id=\"responsive_text_15\"><p class=\"testo-responsive\"><span>Eleganza, quiete, ispirazione.<\/span><\/p><\/div>[\/vc_column_inner][\/vc_row_inner]<\/div><div class=\"empty-space-custom\" data-id=\"empty_space_custom_16\"><\/div>[\/vc_column][\/vc_row][vc_row full_width=&#8221;stretch_row&#8221; css=&#8221;.vc_custom_1764329079103{border-top-width: 11px !important;background-color: #E8E8E8 !important;border-top-style: solid !important;border-color: #D02E26 !important;}&#8221;][vc_column]<div class=\"empty-space-custom\" data-id=\"empty_space_custom_17\"><\/div>[vc_row_inner][vc_column_inner width=&#8221;1\/4&#8243;][\/vc_column_inner][vc_column_inner width=&#8221;1\/2&#8243;]<div class=\"testo-responsive-container\" data-id=\"responsive_text_16\"><p class=\"testo-responsive\"><span>Vuoi avere maggiori informazioni sulla nostra sala per incontri di lavoro, o prenotarla per le date che ti occorrono.<\/span><\/p><\/div>[\/vc_column_inner][vc_column_inner width=&#8221;1\/4&#8243;][\/vc_column_inner][\/vc_row_inner]<div class=\"testo-responsive-container\" data-id=\"responsive_text_17\"><p class=\"testo-responsive\"><span>Compila il modulo e fissa la tua prenotazione<\/span><\/p><\/div><div class=\"empty-space-custom\" data-id=\"empty_space_custom_18\"><\/div><div class=\"button-cta\" data-id=\"button-cta_1\"><a href=\"#sign-up\" target=\"_self\" class=\"cta-button\">PRENOTA LA NOSTRA CONFERENCE HALL<\/a><\/div><div class=\"empty-space-custom\" data-id=\"empty_space_custom_19\"><\/div>[\/vc_column][\/vc_row][vc_row full_width=&#8221;stretch_row_content_no_spaces&#8221; equal_height=&#8221;yes&#8221; content_placement=&#8221;middle&#8221; css=&#8221;.vc_custom_1764329587581{background-color: #444343 !important;}&#8221;][vc_column offset=&#8221;vc_col-lg-6 vc_col-md-12&#8243; el_class=&#8221;order-2 order-xl-1&#8243;]<div class=\"empty-space-custom\" data-id=\"empty_space_custom_20\"><\/div><div class=\"padding-container\" data-id=\"padding-container_9\"><div class=\"testo-responsive-container\" data-id=\"responsive_text_18\"><h3 class=\"testo-responsive\"><span>UNA LOCATION PROFESSIONALE E SUGGESTIVA<\/span><\/h3><\/div><div class=\"empty-space-custom\" data-id=\"empty_space_custom_21\"><\/div><div class=\"testo-responsive-container\" data-id=\"responsive_text_19\"><p class=\"testo-responsive\"><span>La clubhouse del Tennis Club A-Rete dove si colloca la nostra sala polifunzionale per riunioni e congressi ti offre un ambiente elegante e raffinato, immerso nel verde della campagna Comasca. In un setting esclusivo e rilassante, fuori dalla frenesia della citt\u00e0 e lontano dalle distrazioni della routine quotidiana, potrai organizzare eventi aziendali efficaci e produttivi, in una sala per meeting e conferenze riservata e ben equipaggiata per ogni genere di incontro di lavoro, da una negoziazione ad alto livello con un cliente importante ad una riunione per presentare ai tuoi commerciali la gamma prodotti per la prossima stagione.<\/span><\/p><\/div><div class=\"empty-space-custom\" data-id=\"empty_space_custom_22\"><\/div><\/div><div class=\"empty-space-custom\" data-id=\"empty_space_custom_23\"><\/div><div class=\"padding-container\" data-id=\"padding-container_10\"><div class=\"testo-responsive-container\" data-id=\"responsive_text_20\"><div class=\"testo-responsive\"><span>ELEGANTE<\/span><\/div><\/div><\/div>[\/vc_column][vc_column css=&#8221;.vc_custom_1764329742399{background-image: url(http:\/\/a-rete.com\/conference\/wp-content\/uploads\/2025\/11\/FOTO4.jpg?id=268) !important;background-position: center !important;background-repeat: no-repeat !important;background-size: cover !important;}&#8221; offset=&#8221;vc_col-lg-6 vc_col-md-12&#8243; el_class=&#8221;order-1 order-xl-2&#8243;]<div class=\"empty-space-custom\" data-id=\"empty_space_custom_24\"><\/div>[\/vc_column][\/vc_row][vc_row full_width=&#8221;stretch_row&#8221; content_placement=&#8221;middle&#8221;][vc_column]<div class=\"empty-space-custom\" data-id=\"empty_space_custom_25\"><\/div><div class=\"padding-container\" data-id=\"padding-container_11\">[vc_row_inner][vc_column_inner width=&#8221;2\/3&#8243;]<div class=\"testo-responsive-container\" data-id=\"responsive_text_21\"><p class=\"testo-responsive\"><span>Un evento funziona davvero quando permette di concentrarsi pienamente su quel che si sta facendo, e allo stesso tempo genera ricordi vividi e netti dell\u2019esperienza. L\u2019ambiente unico del Tennis Club A-Rete render\u00e0 le tue riunioni, gli incontri con i partner, e tutti i tuoi eventi aziendali, indimenticabili.<\/span><\/p><\/div><div class=\"empty-space-custom\" data-id=\"empty_space_custom_26\"><\/div>[\/vc_column_inner][vc_column_inner width=&#8221;1\/3&#8243;][\/vc_column_inner][\/vc_row_inner]<\/div><div class=\"padding-container\" data-id=\"padding-container_12\">[vc_row_inner][vc_column_inner]<div class=\"container-fluid custom-grid-gallery p-0 rectangular\" data-id=\"custom-grid-gallery_2\"><div class=\"row\">\n            <div class=\"col-md-6 px-0 py-3 px-md-1 py-md-0\">\n                <div class=\"open-gallery zoom \">\n                    <img decoding=\"async\" src=\"https:\/\/a-rete.com\/conference\/wp-content\/uploads\/2025\/11\/FOTO5.jpg\" alt=\"\">\n                    \n                <\/div>\n            <\/div>\n            <div class=\"col-md-6 px-0 py-3 px-md-1 py-md-0\">\n                <div class=\"open-gallery zoom \">\n                    <img decoding=\"async\" src=\"https:\/\/a-rete.com\/conference\/wp-content\/uploads\/2025\/11\/FOTO6.jpg\" alt=\"\">\n                    \n                <\/div>\n            <\/div><\/div><\/div><div class=\"empty-space-custom\" data-id=\"empty_space_custom_27\"><\/div>[\/vc_column_inner][\/vc_row_inner]<\/div>[\/vc_column][\/vc_row][vc_row full_width=&#8221;stretch_row&#8221; content_placement=&#8221;middle&#8221;][vc_column]<div class=\"parallax-label\" data-id=\"parallax-label_2\"><div class=\"parallax-label__content\"><div class=\"padding-container\" data-id=\"padding-container_13\">[vc_row_inner][vc_column_inner width=&#8221;2\/3&#8243;]<div class=\"testo-responsive-container\" data-id=\"responsive_text_22\"><h3 class=\"testo-responsive\"><span>TUTTO QUELLO CHE OCCORRE PER I TUOI EVENTI AZIENDALI<\/span><\/h3><\/div><div class=\"empty-space-custom\" data-id=\"empty_space_custom_28\"><\/div><div class=\"testo-responsive-container\" data-id=\"responsive_text_23\"><p class=\"testo-responsive\"><span>Una conference room deve offrire una serie di attrezzature che permettano di organizzare <strong>qualsiasi genere di evento aziendale<\/strong>, da una riunione commerciale a una presentazione prodotti a un seminario di formazione. Nella sala meeting di A-Rete tennis Club avrai a disposizione tutto il necessario per i tuoi incontri:<\/span><\/p><\/div><div class=\"empty-space-custom\" data-id=\"empty_space_custom_29\"><\/div><div class=\"testo-responsive-container\" data-id=\"responsive_text_24\"><div class=\"testo-responsive\"><span><ul>\r\n \t<li>Sedie comode e ampi tavoli da lavoro, per un totale fino a 40 posti a sedere<\/li>\r\n \t<li>Lavagne a fogli removibili<\/li>\r\n \t<li>Un comodo proiettore facilmente collegabile al tuo PC<\/li>\r\n \t<li>Rete Internet Wi-Fi ad alta velocit\u00e0<\/li>\r\n \t<li>Impianto di aria condizionata<\/li>\r\n<\/ul><\/span><\/div><\/div><div class=\"empty-space-custom\" data-id=\"empty_space_custom_30\"><\/div><div class=\"testo-responsive-container\" data-id=\"responsive_text_25\"><p class=\"testo-responsive\"><span><strong>E per le pause, non preoccuparti<\/strong>: il nostro Bistr\u00f2 interno sar\u00e0 a tua disposizione sia per organizzare pause caff\u00e8, sia per un Lunch di lavoro preparato direttamente da noi.<\/span><\/p><\/div><div class=\"empty-space-custom\" data-id=\"empty_space_custom_31\"><\/div>[\/vc_column_inner][vc_column_inner width=&#8221;1\/3&#8243;][\/vc_column_inner][\/vc_row_inner]<\/div><\/div><div class=\"parallax-label__text\" data-parallax-label>CONFERENCE<\/div><\/div>[\/vc_column][\/vc_row][vc_row full_width=&#8221;stretch_row&#8221; css=&#8221;.vc_custom_1764337136838{border-top-width: 11px !important;background-color: #D02E26 !important;border-top-style: solid !important;border-color: #FFFFFF !important;}&#8221;][vc_column]<div class=\"empty-space-custom\" data-id=\"empty_space_custom_32\"><\/div>[vc_row_inner][vc_column_inner width=&#8221;1\/4&#8243;][\/vc_column_inner][vc_column_inner width=&#8221;1\/2&#8243;]<div class=\"testo-responsive-container\" data-id=\"responsive_text_26\"><p class=\"testo-responsive\"><span>Vuoi avere maggiori informazioni sulla nostra sala per incontri di lavoro, o prenotarla per le date che ti occorrono?<\/span><\/p><\/div>[\/vc_column_inner][vc_column_inner width=&#8221;1\/4&#8243;][\/vc_column_inner][\/vc_row_inner]<div class=\"testo-responsive-container\" data-id=\"responsive_text_27\"><p class=\"testo-responsive\"><span>Compila il modulo e fissa la tua prenotazione<\/span><\/p><\/div><div class=\"empty-space-custom\" data-id=\"empty_space_custom_33\"><\/div><div class=\"button-cta\" data-id=\"button-cta_2\"><a href=\"#sign-up\" target=\"_self\" class=\"cta-button\">PRENOTA LA NOSTRA CONFERENCE HALL<\/a><\/div><div class=\"empty-space-custom\" data-id=\"empty_space_custom_34\"><\/div>[\/vc_column][\/vc_row][vc_row full_width=&#8221;stretch_row_content_no_spaces&#8221; content_placement=&#8221;middle&#8221;][vc_column]<div class=\"container-fluid custom-grid-gallery p-0 squared\" data-id=\"custom-grid-gallery_3\"><div class=\"row\">\n            <div class=\"col-lg-3 px-0 py-1 px-lg-1 py-lg-0\">\n                <div class=\"open-gallery zoom \">\n                    <img decoding=\"async\" src=\"https:\/\/a-rete.com\/conference\/wp-content\/uploads\/2025\/11\/FOTO7.jpg\" alt=\"\">\n                    \n                <\/div>\n            <\/div>\n            <div class=\"col-lg-3 px-0 py-1 px-lg-1 py-lg-0\">\n                <div class=\"open-gallery zoom \">\n                    <img decoding=\"async\" src=\"https:\/\/a-rete.com\/conference\/wp-content\/uploads\/2025\/11\/FOTO8.jpg\" alt=\"\">\n                    \n                <\/div>\n            <\/div>\n            <div class=\"col-lg-6 px-0 py-1 px-lg-1 py-lg-0\">\n                <div class=\"open-gallery zoom \">\n                    <img decoding=\"async\" src=\"https:\/\/a-rete.com\/conference\/wp-content\/uploads\/2025\/11\/FOTO9.jpg\" alt=\"\">\n                    \n                <\/div>\n            <\/div><\/div><\/div><div class=\"empty-space-custom\" data-id=\"empty_space_custom_35\"><\/div>[\/vc_column][\/vc_row][vc_row full_width=&#8221;stretch_row&#8221; content_placement=&#8221;middle&#8221;][vc_column]<div class=\"empty-space-custom\" data-id=\"empty_space_custom_36\"><\/div><div class=\"padding-container\" data-id=\"padding-container_14\">[vc_row_inner][vc_column_inner width=&#8221;2\/3&#8243;]<div class=\"testo-responsive-container\" data-id=\"responsive_text_28\"><h4 class=\"testo-responsive\"><span>UNA POSIZIONE IDEALE NEL CUORE DELLA PROVINCIA DI COMO<\/span><\/h4><\/div>[vc_column_text css=&#8221;&#8221;][\/vc_column_text]<div class=\"testo-responsive-container\" data-id=\"responsive_text_29\"><p class=\"testo-responsive\"><span><p data-start=\"1708\" data-end=\"1795\">Il Club A-Rete si trova a Guanzate, al centro della provincia di Como: \u00e8 la posizione ideale per raggiungerci per i tuoi eventi aziendali da tutti i centri principali della Lombardia, e ti offre ampio parcheggio per la massima comodit\u00e0. Siamo facilmente raggiungibili:<\/p><\/span><\/p><\/div>[\/vc_column_inner][vc_column_inner width=&#8221;1\/3&#8243;][\/vc_column_inner][\/vc_row_inner]<\/div><div class=\"empty-space-custom\" data-id=\"empty_space_custom_37\"><\/div>[\/vc_column][\/vc_row][vc_row full_width=&#8221;stretch_row&#8221; content_placement=&#8221;middle&#8221;][vc_column]<div class=\"empty-space-custom\" data-id=\"empty_space_custom_38\"><\/div><div class=\"padding-container\" data-id=\"padding-container_15\">[vc_row_inner][vc_column_inner][vc_goo_maps location=&#8221;Via Del Bosco, 45 Guanzate 22070 (CO)&#8221; zoom=&#8221;15&#8243; css=&#8221;&#8221;][vc_column_text css=&#8221;&#8221;][\/vc_column_text][\/vc_column_inner][\/vc_row_inner]<\/div><div class=\"empty-space-custom\" data-id=\"empty_space_custom_39\"><\/div>[\/vc_column][\/vc_row][vc_row full_width=&#8221;stretch_row&#8221; content_placement=&#8221;middle&#8221;][vc_column]<div class=\"empty-space-custom\" data-id=\"empty_space_custom_40\"><\/div><div class=\"padding-container\" data-id=\"padding-container_16\">[vc_row_inner][vc_column_inner width=&#8221;2\/3&#8243;]<div class=\"testo-responsive-container\" data-id=\"responsive_text_30\"><p class=\"testo-responsive\"><span>Eleganza, quiete, ispirazione.<\/span><\/p><\/div>[vc_column_text css=&#8221;&#8221;][\/vc_column_text]<div class=\"testo-responsive-container\" data-id=\"responsive_text_31\"><div class=\"testo-responsive\"><span><ul>\r\n \t<li data-start=\"1708\" data-end=\"1795\">A meno di 10 km da Como<\/li>\r\n \t<li data-start=\"1708\" data-end=\"1795\">A 12 km da Chiasso, e 17 km da Mendrisio<\/li>\r\n \t<li data-start=\"1708\" data-end=\"1795\">A 15 km da Varese<\/li>\r\n \t<li data-start=\"1708\" data-end=\"1795\">A 25 Km da Monza<\/li>\r\n \t<li data-start=\"1708\" data-end=\"1795\">E a meno di mezz\u2019ora da Milano<\/li>\r\n<\/ul><\/span><\/div><\/div>[\/vc_column_inner][vc_column_inner width=&#8221;1\/3&#8243;][\/vc_column_inner][\/vc_row_inner]<\/div><div class=\"empty-space-custom\" data-id=\"empty_space_custom_41\"><\/div>[\/vc_column][\/vc_row][vc_row full_width=&#8221;stretch_row&#8221; content_placement=&#8221;middle&#8221;][vc_column]<div class=\"empty-space-custom\" data-id=\"empty_space_custom_42\"><\/div><div class=\"padding-container\" data-id=\"padding-container_17\">[vc_row_inner][vc_column_inner width=&#8221;2\/3&#8243;]<div class=\"testo-responsive-container\" data-id=\"responsive_text_32\"><p class=\"testo-responsive\"><span>Prenota subito la sala business polifunzionale di A-Rete per il tuo prossimo evento aziendale!<\/span><\/p><\/div>[vc_column_text css=&#8221;&#8221;][\/vc_column_text]<div class=\"testo-responsive-container\" data-id=\"responsive_text_33\"><div class=\"testo-responsive\"><span><strong>PER MAGGIORI INFORMAZIONI, COMPILA IL MODULO O CHIAMACI AL 320 602 7586<\/strong><\/span><\/div><\/div>[\/vc_column_inner][vc_column_inner width=&#8221;1\/3&#8243;][\/vc_column_inner][\/vc_row_inner]<\/div><div class=\"empty-space-custom\" data-id=\"empty_space_custom_43\"><\/div>[\/vc_column][\/vc_row][vc_row full_width=&#8221;stretch_row&#8221; content_placement=&#8221;middle&#8221; el_id=&#8221;sign-up&#8221;][vc_column]<div class=\"empty-space-custom\" data-id=\"empty_space_custom_44\"><\/div><div class=\"padding-container\" data-id=\"padding-container_18\">[vc_row_inner][vc_column_inner]<div class=\"testo-responsive-container\" data-id=\"responsive_text_34\"><p class=\"testo-responsive\"><span>FILL IN THIS FORM TO APPLY. WE\u2019LL GET BACK TO YOU.<\/span><\/p><\/div><div class=\"empty-space-custom\" data-id=\"empty_space_custom_45\"><\/div>\n<div class=\"wpcf7 no-js\" id=\"wpcf7-f179-o1\" lang=\"it-IT\" dir=\"ltr\" data-wpcf7-id=\"179\">\n<div class=\"screen-reader-response\"><p role=\"status\" aria-live=\"polite\" aria-atomic=\"true\"><\/p> <ul><\/ul><\/div>\n<form action=\"\/conference\/index.php\/wp-json\/wp\/v2\/pages\/2#wpcf7-f179-o1\" method=\"post\" class=\"wpcf7-form init\" aria-label=\"Modulo di contatto\" novalidate=\"novalidate\" data-status=\"init\">\n<fieldset class=\"hidden-fields-container\"><input type=\"hidden\" name=\"_wpcf7\" value=\"179\" \/><input type=\"hidden\" name=\"_wpcf7_version\" value=\"6.1.5\" \/><input type=\"hidden\" name=\"_wpcf7_locale\" value=\"it_IT\" \/><input type=\"hidden\" name=\"_wpcf7_unit_tag\" value=\"wpcf7-f179-o1\" \/><input type=\"hidden\" name=\"_wpcf7_container_post\" value=\"0\" \/><input type=\"hidden\" name=\"_wpcf7_posted_data_hash\" value=\"\" \/>\n<\/fieldset>\n<div class=\"container-fluid\">\n\n  <!-- full name -->\n  <div class=\"row\">\n    <div class=\"col-12 p-0\">\n      <span class=\"wpcf7-form-control-wrap\" data-name=\"your-name\"><input size=\"40\" maxlength=\"400\" class=\"wpcf7-form-control wpcf7-text wpcf7-validates-as-required form-control\" aria-required=\"true\" aria-invalid=\"false\" placeholder=\"nome e cognome\" value=\"\" type=\"text\" name=\"your-name\" \/><\/span>\n    <\/div>\n  <\/div>\n\n  <!-- email -->\n  <div class=\"row\">\n    <div class=\"col-12 p-0\">\n      <span class=\"wpcf7-form-control-wrap\" data-name=\"your-email\"><input size=\"40\" maxlength=\"400\" class=\"wpcf7-form-control wpcf7-email wpcf7-validates-as-required wpcf7-text wpcf7-validates-as-email form-control\" aria-required=\"true\" aria-invalid=\"false\" placeholder=\"e-mail\" value=\"\" type=\"email\" name=\"your-email\" \/><\/span>\n    <\/div>\n  <\/div>\n\n  <!-- address -->\n  <div class=\"row\">\n    <div class=\"col-12 p-0\">\n      <span class=\"wpcf7-form-control-wrap\" data-name=\"tel\"><input size=\"40\" maxlength=\"400\" class=\"wpcf7-form-control wpcf7-tel wpcf7-validates-as-required wpcf7-text wpcf7-validates-as-tel\" autocomplete=\"tel\" aria-required=\"true\" aria-invalid=\"false\" placeholder=\"cellulare\" value=\"\" type=\"tel\" name=\"tel\" \/><\/span>\n    <\/div>\n  <\/div>\n\n  <!-- message -->\n  <div class=\"row\">\n    <div class=\"col-12 p-0\">\n      <span class=\"wpcf7-form-control-wrap\" data-name=\"orario\"><textarea cols=\"40\" rows=\"5\" maxlength=\"2000\" class=\"wpcf7-form-control wpcf7-textarea form-control\" aria-invalid=\"false\" placeholder=\"Orario in cui possiamo richiamarti\" name=\"orario\"><\/textarea><\/span>\n    <\/div>\n  <\/div>\n\n  <!-- message -->\n  <div class=\"row\">\n    <div class=\"col-12 p-0\">\n      <span class=\"wpcf7-form-control-wrap\" data-name=\"date-interesse\"><textarea cols=\"40\" rows=\"5\" maxlength=\"2000\" class=\"wpcf7-form-control wpcf7-textarea form-control\" aria-invalid=\"false\" placeholder=\"Date d&#039;interesse\" name=\"date-interesse\"><\/textarea><\/span>\n    <\/div>\n  <\/div>\n\n  <!-- privacy + submit -->\n  <div class=\"row d-flex align-items-center mt-5\">\n    <div class=\"col-12 col-md-8 p-0\">\n      <div class=\"form-check\">\n        <span class=\"wpcf7-form-control-wrap\" data-name=\"privacy-accept\"><span class=\"wpcf7-form-control wpcf7-acceptance\"><span class=\"wpcf7-list-item\"><label><input type=\"checkbox\" name=\"privacy-accept\" value=\"1\" class=\"form-check-input\" id=\"privacy-accept\" aria-invalid=\"false\" \/><span class=\"wpcf7-list-item-label\">confermo di aver lette le condizioni di <a href=\"https:\/\/www.iubenda.com\/privacy-policy\/74309325\" class=\"iubenda-nostyle no-brand iubenda-noiframe iubenda-embed iubenda-noiframe\">Privacy Policy<\/a><\/span><\/label><\/span><\/span><\/span>\n      <\/div>\n    <\/div>\n\n    <div class=\"col-12 col-md-4 p-0 text-end align-items-center d-flex position-relative\">\n      <input class=\"wpcf7-form-control wpcf7-submit has-spinner w-100 w-md-auto\" type=\"submit\" value=\"INVIA\" \/>\n    <\/div>\n  <\/div>\n\n<\/div><input type='hidden' class='wpcf7-pum' value='{\"closepopup\":false,\"closedelay\":0,\"openpopup\":false,\"openpopup_id\":0}' \/><div class=\"wpcf7-response-output\" aria-hidden=\"true\"><\/div>\n<\/form>\n<\/div>\n[\/vc_column_inner][\/vc_row_inner]<\/div><div class=\"empty-space-custom\" data-id=\"empty_space_custom_46\"><\/div>[\/vc_column][\/vc_row]<\/div>","protected":false},"excerpt":{"rendered":"[vc_row full_width=&#8221;stretch_row&#8221; full_height=&#8221;yes&#8221; css=&#8221;.vc_custom_1764328598439{background-image: url(http:\/\/a-rete.com\/conference\/wp-content\/uploads\/2025\/11\/HEADER.jpg?id=258) !important;background-position: center !important;background-repeat: no-repeat !important;background-size: cover !important;}&#8221;][vc_column width=&#8221;1\/2&#8243; offset=&#8221;vc_hidden-md vc_hidden-sm vc_hidden-xs&#8221;][\/vc_column][vc_column offset=&#8221;vc_col-lg-6 vc_col-md-12&#8243;][\/vc_column][\/vc_row][vc_row full_width=&#8221;stretch_row&#8221; content_placement=&#8221;middle&#8221; css=&#8221;.vc_custom_1761144947142{background-color: #2E2E2E !important;}&#8221;][vc_column][\/vc_column][\/vc_row][vc_row full_width=&#8221;stretch_row&#8221; content_placement=&#8221;middle&#8221;][vc_column][\/vc_column][\/vc_row][vc_row full_width=&#8221;stretch_row&#8221; content_placement=&#8221;middle&#8221;][vc_column][\/vc_column][\/vc_row][vc_row full_width=&#8221;stretch_row&#8221; content_placement=&#8221;middle&#8221; disable_element=&#8221;yes&#8221;][vc_column][\/vc_column][\/vc_row][vc_row full_width=&#8221;stretch_row_content_no_spaces&#8221; content_placement=&#8221;middle&#8221;][vc_column][vc_single_image image=&#8221;257&#8243; img_size=&#8221;full&#8221; css=&#8221;&#8221;][\/vc_column][\/vc_row][vc_row content_placement=&#8221;middle&#8221; css=&#8221;.vc_custom_1761224960021{border-top-width: 1px !important;border-top-style: solid !important;border-color: #808080 !important;}&#8221;][vc_column][\/vc_column][\/vc_row][vc_row content_placement=&#8221;middle&#8221; css=&#8221;.vc_custom_1761224968794{border-top-width: 1px !important;border-top-style: solid !important;border-color: #808080 !important;}&#8221;][vc_column][\/vc_column][\/vc_row][vc_row content_placement=&#8221;middle&#8221; css=&#8221;.vc_custom_1761225002819{border-top-width: 1px !important;border-bottom-width: [&hellip;]","protected":false},"author":1,"featured_media":0,"parent":0,"menu_order":0,"comment_status":"closed","ping_status":"open","template":"","meta":{"footnotes":""},"class_list":["post-2","page","type-page","status-publish","hentry"],"_links":{"self":[{"href":"https:\/\/a-rete.com\/conference\/index.php\/wp-json\/wp\/v2\/pages\/2","targetHints":{"allow":["GET"]}}],"collection":[{"href":"https:\/\/a-rete.com\/conference\/index.php\/wp-json\/wp\/v2\/pages"}],"about":[{"href":"https:\/\/a-rete.com\/conference\/index.php\/wp-json\/wp\/v2\/types\/page"}],"author":[{"embeddable":true,"href":"https:\/\/a-rete.com\/conference\/index.php\/wp-json\/wp\/v2\/users\/1"}],"replies":[{"embeddable":true,"href":"https:\/\/a-rete.com\/conference\/index.php\/wp-json\/wp\/v2\/comments?post=2"}],"version-history":[{"count":229,"href":"https:\/\/a-rete.com\/conference\/index.php\/wp-json\/wp\/v2\/pages\/2\/revisions"}],"predecessor-version":[{"id":309,"href":"https:\/\/a-rete.com\/conference\/index.php\/wp-json\/wp\/v2\/pages\/2\/revisions\/309"}],"wp:attachment":[{"href":"https:\/\/a-rete.com\/conference\/index.php\/wp-json\/wp\/v2\/media?parent=2"}],"curies":[{"name":"wp","href":"https:\/\/api.w.org\/{rel}","templated":true}]}}